{"id":2512,"date":"2025-03-26T13:11:55","date_gmt":"2025-03-26T12:11:55","guid":{"rendered":"https:\/\/lafermedelacoustere.com\/?page_id=2512"},"modified":"2025-07-04T20:22:02","modified_gmt":"2025-07-04T18:22:02","slug":"valerie-soucaze","status":"publish","type":"page","link":"https:\/\/lafermedelacoustere.com\/qui-sommes-nous\/valerie-soucaze\/","title":{"rendered":"Val\u00e9rie Soucaze"},"content":{"rendered":"\t\t<div data-elementor-type=\"wp-page\" data-elementor-id=\"2512\" class=\"elementor elementor-2512\" data-elementor-post-type=\"page\">\n\t\t\t\t\t\t<section class=\"elementor-section elementor-top-section elementor-element elementor-element-98c84f5 elementor-section-height-min-height elementor-section-content-middle elementor-section-stretched elementor-section-boxed elementor-section-height-default elementor-section-items-middle wpr-particle-no wpr-jarallax-no wpr-parallax-no wpr-sticky-section-no wpr-equal-height-no\" data-id=\"98c84f5\" data-element_type=\"section\" data-e-type=\"section\" data-settings=\"{&quot;stretch_section&quot;:&quot;section-stretched&quot;,&quot;background_background&quot;:&quot;classic&quot;,&quot;shape_divider_bottom&quot;:&quot;wave-brush&quot;}\">\n\t\t\t\t\t\t\t<div class=\"elementor-background-overlay\"><\/div>\n\t\t\t\t\t\t<div class=\"elementor-shape elementor-shape-bottom\" aria-hidden=\"true\" data-negative=\"false\">\n\t\t\t<svg xmlns=\"http:\/\/www.w3.org\/2000\/svg\" viewBox=\"0 0 283.5 27.8\" preserveAspectRatio=\"none\">\n\t<path class=\"elementor-shape-fill\" d=\"M283.5,9.7c0,0-7.3,4.3-14,4.6c-6.8,0.3-12.6,0-20.9-1.5c-11.3-2-33.1-10.1-44.7-5.7\ts-12.1,4.6-18,7.4c-6.6,3.2-20,9.6-36.6,9.3C131.6,23.5,99.5,7.2,86.3,8c-1.4,0.1-6.6,0.8-10.5,2c-3.8,1.2-9.4,3.8-17,4.7\tc-3.2,0.4-8.3,1.1-14.2,0.9c-1.5-0.1-6.3-0.4-12-1.6c-5.7-1.2-11-3.1-15.8-3.7C6.5,9.2,0,10.8,0,10.8V0h283.5V9.7z M260.8,11.3\tc-0.7-1-2-0.4-4.3-0.4c-2.3,0-6.1-1.2-5.8-1.1c0.3,0.1,3.1,1.5,6,1.9C259.7,12.2,261.4,12.3,260.8,11.3z M242.4,8.6\tc0,0-2.4-0.2-5.6-0.9c-3.2-0.8-10.3-2.8-15.1-3.5c-8.2-1.1-15.8,0-15.1,0.1c0.8,0.1,9.6-0.6,17.6,1.1c3.3,0.7,9.3,2.2,12.4,2.7\tC239.9,8.7,242.4,8.6,242.4,8.6z M185.2,8.5c1.7-0.7-13.3,4.7-18.5,6.1c-2.1,0.6-6.2,1.6-10,2c-3.9,0.4-8.9,0.4-8.8,0.5\tc0,0.2,5.8,0.8,11.2,0c5.4-0.8,5.2-1.1,7.6-1.6C170.5,14.7,183.5,9.2,185.2,8.5z M199.1,6.9c0.2,0-0.8-0.4-4.8,1.1\tc-4,1.5-6.7,3.5-6.9,3.7c-0.2,0.1,3.5-1.8,6.6-3C197,7.5,199,6.9,199.1,6.9z M283,6c-0.1,0.1-1.9,1.1-4.8,2.5s-6.9,2.8-6.7,2.7\tc0.2,0,3.5-0.6,7.4-2.5C282.8,6.8,283.1,5.9,283,6z M31.3,11.6c0.1-0.2-1.9-0.2-4.5-1.2s-5.4-1.6-7.8-2C15,7.6,7.3,8.5,7.7,8.6\tC8,8.7,15.9,8.3,20.2,9.3c2.2,0.5,2.4,0.5,5.7,1.6S31.2,11.9,31.3,11.6z M73,9.2c0.4-0.1,3.5-1.6,8.4-2.6c4.9-1.1,8.9-0.5,8.9-0.8\tc0-0.3-1-0.9-6.2-0.3S72.6,9.3,73,9.2z M71.6,6.7C71.8,6.8,75,5.4,77.3,5c2.3-0.3,1.9-0.5,1.9-0.6c0-0.1-1.1-0.2-2.7,0.2\tC74.8,5.1,71.4,6.6,71.6,6.7z M93.6,4.4c0.1,0.2,3.5,0.8,5.6,1.8c2.1,1,1.8,0.6,1.9,0.5c0.1-0.1-0.8-0.8-2.4-1.3\tC97.1,4.8,93.5,4.2,93.6,4.4z M65.4,11.1c-0.1,0.3,0.3,0.5,1.9-0.2s2.6-1.3,2.2-1.2s-0.9,0.4-2.5,0.8C65.3,10.9,65.5,10.8,65.4,11.1\tz M34.5,12.4c-0.2,0,2.1,0.8,3.3,0.9c1.2,0.1,2,0.1,2-0.2c0-0.3-0.1-0.5-1.6-0.4C36.6,12.8,34.7,12.4,34.5,12.4z M152.2,21.1\tc-0.1,0.1-2.4-0.3-7.5-0.3c-5,0-13.6-2.4-17.2-3.5c-3.6-1.1,10,3.9,16.5,4.1C150.5,21.6,152.3,21,152.2,21.1z\"\/>\n\t<path class=\"elementor-shape-fill\" d=\"M269.6,18c-0.1-0.1-4.6,0.3-7.2,0c-7.3-0.7-17-3.2-16.6-2.9c0.4,0.3,13.7,3.1,17,3.3\tC267.7,18.8,269.7,18,269.6,18z\"\/>\n\t<path class=\"elementor-shape-fill\" d=\"M227.4,9.8c-0.2-0.1-4.5-1-9.5-1.2c-5-0.2-12.7,0.6-12.3,0.5c0.3-0.1,5.9-1.8,13.3-1.2\tS227.6,9.9,227.4,9.8z\"\/>\n\t<path class=\"elementor-shape-fill\" d=\"M204.5,13.4c-0.1-0.1,2-1,3.2-1.1c1.2-0.1,2,0,2,0.3c0,0.3-0.1,0.5-1.6,0.4\tC206.4,12.9,204.6,13.5,204.5,13.4z\"\/>\n\t<path class=\"elementor-shape-fill\" d=\"M201,10.6c0-0.1-4.4,1.2-6.3,2.2c-1.9,0.9-6.2,3.1-6.1,3.1c0.1,0.1,4.2-1.6,6.3-2.6\tS201,10.7,201,10.6z\"\/>\n\t<path class=\"elementor-shape-fill\" d=\"M154.5,26.7c-0.1-0.1-4.6,0.3-7.2,0c-7.3-0.7-17-3.2-16.6-2.9c0.4,0.3,13.7,3.1,17,3.3\tC152.6,27.5,154.6,26.8,154.5,26.7z\"\/>\n\t<path class=\"elementor-shape-fill\" d=\"M41.9,19.3c0,0,1.2-0.3,2.9-0.1c1.7,0.2,5.8,0.9,8.2,0.7c4.2-0.4,7.4-2.7,7-2.6\tc-0.4,0-4.3,2.2-8.6,1.9c-1.8-0.1-5.1-0.5-6.7-0.4S41.9,19.3,41.9,19.3z\"\/>\n\t<path class=\"elementor-shape-fill\" d=\"M75.5,12.6c0.2,0.1,2-0.8,4.3-1.1c2.3-0.2,2.1-0.3,2.1-0.5c0-0.1-1.8-0.4-3.4,0\tC76.9,11.5,75.3,12.5,75.5,12.6z\"\/>\n\t<path class=\"elementor-shape-fill\" d=\"M15.6,13.2c0-0.1,4.3,0,6.7,0.5c2.4,0.5,5,1.9,5,2c0,0.1-2.7-0.8-5.1-1.4\tC19.9,13.7,15.7,13.3,15.6,13.2z\"\/>\n<\/svg>\t\t<\/div>\n\t\t\t\t\t<div class=\"elementor-container elementor-column-gap-default\">\n\t\t\t\t\t<div class=\"elementor-column elementor-col-100 elementor-top-column elementor-element elementor-element-8e996ea\" data-id=\"8e996ea\" data-element_type=\"column\" data-e-type=\"column\">\n\t\t\t<div class=\"elementor-widget-wrap elementor-element-populated\">\n\t\t\t\t\t\t\t<\/div>\n\t\t<\/div>\n\t\t\t\t\t<\/div>\n\t\t<\/section>\n\t\t\t\t<section class=\"elementor-section elementor-top-section elementor-element elementor-element-22d6631 elementor-section-content-middle elementor-section-stretched elementor-section-boxed elementor-section-height-default elementor-section-height-default wpr-particle-no wpr-jarallax-no wpr-parallax-no wpr-sticky-section-no wpr-equal-height-no\" data-id=\"22d6631\" data-element_type=\"section\" data-e-type=\"section\" data-settings=\"{&quot;stretch_section&quot;:&quot;section-stretched&quot;}\">\n\t\t\t\t\t\t<div class=\"elementor-container elementor-column-gap-default\">\n\t\t\t\t\t<div class=\"elementor-column elementor-col-50 elementor-top-column elementor-element elementor-element-a4d8090\" data-id=\"a4d8090\" data-element_type=\"column\" data-e-type=\"column\" data-settings=\"{&quot;background_background&quot;:&quot;classic&quot;}\">\n\t\t\t<div class=\"elementor-widget-wrap elementor-element-populated\">\n\t\t\t\t\t<div class=\"elementor-background-overlay\"><\/div>\n\t\t\t\t\t\t<div class=\"elementor-element elementor-element-691b8d6 elementor-align-center elementor-invisible elementor-widget elementor-widget-button\" data-id=\"691b8d6\" data-element_type=\"widget\" data-e-type=\"widget\" data-settings=\"{&quot;_animation&quot;:&quot;fadeInUp&quot;}\" data-widget_type=\"button.default\">\n\t\t\t\t<div class=\"elementor-widget-container\">\n\t\t\t\t\t\t\t\t\t<div class=\"elementor-button-wrapper\">\n\t\t\t\t\t<a class=\"elementor-button elementor-button-link elementor-size-sm elementor-animation-shrink\" href=\"https:\/\/lafermedelacoustere.com\/qui-sommes-nous\/\">\n\t\t\t\t\t\t<span class=\"elementor-button-content-wrapper\">\n\t\t\t\t\t\t\t\t\t<span class=\"elementor-button-text\">Retour<\/span>\n\t\t\t\t\t<\/span>\n\t\t\t\t\t<\/a>\n\t\t\t\t<\/div>\n\t\t\t\t\t\t\t\t<\/div>\n\t\t\t\t<\/div>\n\t\t\t\t\t<\/div>\n\t\t<\/div>\n\t\t\t\t<div class=\"elementor-column elementor-col-50 elementor-top-column elementor-element elementor-element-4af55f7\" data-id=\"4af55f7\" data-element_type=\"column\" data-e-type=\"column\">\n\t\t\t<div class=\"elementor-widget-wrap\">\n\t\t\t\t\t\t\t<\/div>\n\t\t<\/div>\n\t\t\t\t\t<\/div>\n\t\t<\/section>\n\t\t\t\t<section class=\"elementor-section elementor-top-section elementor-element elementor-element-2d35952 elementor-section-content-middle elementor-section-stretched elementor-section-boxed elementor-section-height-default elementor-section-height-default wpr-particle-no wpr-jarallax-no wpr-parallax-no wpr-sticky-section-no wpr-equal-height-no\" data-id=\"2d35952\" data-element_type=\"section\" data-e-type=\"section\" data-settings=\"{&quot;stretch_section&quot;:&quot;section-stretched&quot;}\">\n\t\t\t\t\t\t<div class=\"elementor-container elementor-column-gap-default\">\n\t\t\t\t\t<div class=\"elementor-column elementor-col-50 elementor-top-column elementor-element elementor-element-eff3f50\" data-id=\"eff3f50\" data-element_type=\"column\" data-e-type=\"column\" data-settings=\"{&quot;background_background&quot;:&quot;classic&quot;}\">\n\t\t\t<div class=\"elementor-widget-wrap elementor-element-populated\">\n\t\t\t\t\t<div class=\"elementor-background-overlay\"><\/div>\n\t\t\t\t\t\t<div class=\"elementor-element elementor-element-27a82dc elementor-widget elementor-widget-image\" data-id=\"27a82dc\" data-element_type=\"widget\" data-e-type=\"widget\" data-widget_type=\"image.default\">\n\t\t\t\t<div class=\"elementor-widget-container\">\n\t\t\t\t\t\t\t\t\t\t\t\t\t\t\t<img fetchpriority=\"high\" decoding=\"async\" width=\"750\" height=\"945\" src=\"https:\/\/lafermedelacoustere.com\/wp-content\/uploads\/2025\/07\/20250704_15045011-813x1024.jpg\" class=\"attachment-large size-large wp-image-3324\" alt=\"\" srcset=\"https:\/\/lafermedelacoustere.com\/wp-content\/uploads\/2025\/07\/20250704_15045011-813x1024.jpg 813w, https:\/\/lafermedelacoustere.com\/wp-content\/uploads\/2025\/07\/20250704_15045011-238x300.jpg 238w, https:\/\/lafermedelacoustere.com\/wp-content\/uploads\/2025\/07\/20250704_15045011-768x967.jpg 768w, https:\/\/lafermedelacoustere.com\/wp-content\/uploads\/2025\/07\/20250704_15045011-1219x1536.jpg 1219w, https:\/\/lafermedelacoustere.com\/wp-content\/uploads\/2025\/07\/20250704_15045011-1626x2048.jpg 1626w, https:\/\/lafermedelacoustere.com\/wp-content\/uploads\/2025\/07\/20250704_15045011-1320x1663.jpg 1320w\" sizes=\"(max-width: 750px) 100vw, 750px\" \/>\t\t\t\t\t\t\t\t\t\t\t\t\t\t\t<\/div>\n\t\t\t\t<\/div>\n\t\t\t\t\t<\/div>\n\t\t<\/div>\n\t\t\t\t<div class=\"elementor-column elementor-col-50 elementor-top-column elementor-element elementor-element-312599f\" data-id=\"312599f\" data-element_type=\"column\" data-e-type=\"column\">\n\t\t\t<div class=\"elementor-widget-wrap elementor-element-populated\">\n\t\t\t\t\t\t<div class=\"elementor-element elementor-element-b164994 elementor-widget elementor-widget-heading\" data-id=\"b164994\" data-element_type=\"widget\" data-e-type=\"widget\" data-widget_type=\"heading.default\">\n\t\t\t\t<div class=\"elementor-widget-container\">\n\t\t\t\t\t<h1 class=\"elementor-heading-title elementor-size-default\">Val\u00e9rie Soucaze<\/h1>\t\t\t\t<\/div>\n\t\t\t\t<\/div>\n\t\t\t\t<div class=\"elementor-element elementor-element-e4c87cc elementor-widget elementor-widget-text-editor\" data-id=\"e4c87cc\" data-element_type=\"widget\" data-e-type=\"widget\" data-widget_type=\"text-editor.default\">\n\t\t\t\t<div class=\"elementor-widget-container\">\n\t\t\t\t\t\t\t\t\t<p>Je m\u2019appelle Val\u00e9rie, je suis <strong>agricultrice<\/strong> \u00e0 <strong>La Ferme de la Coust\u00e8re<\/strong> depuis <strong>trente-cinq ans.<\/strong><\/p>\t\t\t\t\t\t\t\t<\/div>\n\t\t\t\t<\/div>\n\t\t\t\t\t<\/div>\n\t\t<\/div>\n\t\t\t\t\t<\/div>\n\t\t<\/section>\n\t\t\t\t<section class=\"elementor-section elementor-top-section elementor-element elementor-element-ff9e4f0 elementor-section-content-middle elementor-section-stretched elementor-section-boxed elementor-section-height-default elementor-section-height-default wpr-particle-no wpr-jarallax-no wpr-parallax-no wpr-sticky-section-no wpr-equal-height-no\" data-id=\"ff9e4f0\" data-element_type=\"section\" data-e-type=\"section\" data-settings=\"{&quot;stretch_section&quot;:&quot;section-stretched&quot;}\">\n\t\t\t\t\t\t<div class=\"elementor-container elementor-column-gap-default\">\n\t\t\t\t\t<div class=\"elementor-column elementor-col-100 elementor-top-column elementor-element elementor-element-4d41bdd\" data-id=\"4d41bdd\" data-element_type=\"column\" data-e-type=\"column\">\n\t\t\t<div class=\"elementor-widget-wrap elementor-element-populated\">\n\t\t\t\t\t\t<div class=\"elementor-element elementor-element-f1b0623 elementor-widget elementor-widget-text-editor\" data-id=\"f1b0623\" data-element_type=\"widget\" data-e-type=\"widget\" data-widget_type=\"text-editor.default\">\n\t\t\t\t<div class=\"elementor-widget-container\">\n\t\t\t\t\t\t\t\t\t<p><strong>Une passion n\u00e9e d\u00e8s l\u2019enfance<\/strong><\/p><p>J\u2019ai grandi \u00e0 Pouzac, \u00e0 seulement cinq minutes de la ferme de mes grands-parents, mais c\u2019est l\u00e0-bas que je passais le plus clair de mon temps. Tr\u00e8s jeune, j\u2019ai d\u00e9couvert leur quotidien et me suis tout de suite attach\u00e9e \u00e0 cette vie. D\u00e8s que j\u2019ai pu, j\u2019adorais les aider\u00a0: prendre soin des animaux, participer aux travaux agricoles, apprendre \u00e0 leurs c\u00f4t\u00e9s. Pour moi, c\u2019\u00e9tait une \u00e9vidence : \u00ab\u00a0je deviendrais agricultrice\u00a0\u00bb.<\/p><p><strong>Mon parcours et mon installation<\/strong><\/p><p>Apr\u00e8s une scolarit\u00e9 classique, j\u2019ai poursuivi mes \u00e9tudes au lyc\u00e9e agricole d\u2019Auzeville, pr\u00e8s de Toulouse, o\u00f9 j\u2019y suis rest\u00e9e six ans. J\u2019y ai pr\u00e9par\u00e9 un BTS (Brevet de Technicien Sup\u00e9rieur), qui m\u2019a permis d\u2019acqu\u00e9rir des comp\u00e9tences en \u00e9levage, gestion d\u2019exploitation et pratiques agricoles. \u00c0 vingtetun ans, je suis revenue sur la ferme familiale pour m\u2019y installer et prendre la rel\u00e8ve de mes grands-parents. Aujourd\u2019hui, je suis la troisi\u00e8me g\u00e9n\u00e9ration d\u2019agriculteurs \u00e0 <strong><em>La Ferme de la Coust\u00e8re<\/em><\/strong>. Pour moi, c\u2019est une grande fiert\u00e9 et une belle responsabilit\u00e9.<\/p><p><strong>Mon quotidien \u00e0 la ferme<\/strong><\/p><p>Mon m\u00e9tier est vari\u00e9 et ne laisse pas de place \u00e0 la routine. Chaque jour, je veille au bien-\u00eatre de mes animaux. Je m\u2019assure qu\u2019ils aient une alimentation adapt\u00e9e et \u00e9quilibr\u00e9e, je surveille leur sant\u00e9 et j\u2019interviens si l\u2019un d\u2019eux a besoin de soins. Je participe \u00e9galement aux v\u00ealages, un moment toujours intense et gratifianto\u00f9 je veille \u00e0 ce que tout se passe bien.<\/p><p>Mais l\u2019\u00e9levage ne se limite pas aux soins des animaux. Il y a aussi tout un travail en amont : entretenir les prairies, mettre en place les cultures et assurer que le troupeau dispose d\u2019une alimentation de qualit\u00e9 et produite sur place. Chaque d\u00e9cision que je prends a un impact direct sur la qualit\u00e9 de vie de mes b\u00eates et sur les produits que nous proposons.<\/p><p><strong>Ce qui me passionne dans mon m\u00e9tier<\/strong><\/p><p>Difficile de choisir un seul aspect, car c\u2019est l\u2019ensemble qui me pla\u00eet\u00a0: le contact avec les animaux, le lien avec la nature, la diversit\u00e9 des t\u00e2ches\u2026 Chaque journ\u00e9e est diff\u00e9rente et c\u2019est ce qui rend ce m\u00e9tier passionnant. Mais s\u2019il y a bien un moment qui me procure toujours autant de satisfaction, c\u2019est la naissance d\u2019un veau. C\u2019est un instant uniquequi me rappelle l\u2019importance de mon r\u00f4le et l\u2019engagement que cela repr\u00e9sente.<\/p><p><strong>Une ferme authentique et proche de ses consommateurs<\/strong><\/p><p>Ce qui fait la sp\u00e9cificit\u00e9 de <strong><em>La Ferme de la Coust\u00e8re<\/em><\/strong>, c\u2019est le lien que nous entretenons avec les consommateurs. J\u2019ai \u00e0 c\u0153ur d\u2019expliquer mon m\u00e9tier, de partager mon quotidien et de montrer pourquoi et comment je travaille. L\u2019\u00e9levage est parfois m\u00e9connu du grand public, il me tient \u00e0 c\u0153ur de faire d\u00e9couvrir cette r\u00e9alit\u00e9 et de sensibiliser les gens \u00e0 nos valeurs.<\/p><p>Mon objectif est de vivre de mon m\u00e9tier dans de bonnes conditions. Pour cela, je cherche \u00e0 moderniser la ferme, optimiser mon travail et trouver un \u00e9quilibre entre vie professionnelle et personnelle. Travailler \u00e0 deux est une vraie force, cela permet d\u2019all\u00e9ger la charge de travail et d\u2019avoir un peu plus de temps pour soi.<\/p><p><strong>Les d\u00e9fis du m\u00e9tier et l\u2019importance de l\u2019apprentissage<\/strong><\/p><p>Comme dans tout m\u00e9tier, nous faisons face \u00e0 des d\u00e9fis : les al\u00e9as climatiques, les fluctuations du march\u00e9, les exigences administratives\u2026 Certaines p\u00e9riodes sont plus dures que d\u2019autres, mais il faut savoir s\u2019adapter, chercher des solutions et garder le moral.<\/p><p>Pour progresser, je me forme en permanence : je lis des revues sp\u00e9cialis\u00e9es, je participe \u00e0 des formations et j\u2019\u00e9change avec d\u2019autres agriculteurs. Ces moments de partage sont essentiels pour d\u00e9couvrir de nouvelles pratiques et \u00e9voluer avec notre m\u00e9tier.<\/p><p><strong>Un engagement fort pour le bien-\u00eatre animal<\/strong><\/p><p>Le bien-\u00eatre de mes animaux est au c\u0153ur de mes pr\u00e9occupations. Je suis convaincue que la qualit\u00e9 de l\u2019\u00e9levage passe avant tout par des conditions de vie optimales\u00a0: espace suffisant, alimentation \u00e9quilibr\u00e9e, environnement calme et sain.<\/p><p>Un animal en bonne sant\u00e9 est plus serein, moins stress\u00e9 et plus robuste. C\u2019est un cercle vertueux qui rend mon travail plus agr\u00e9able et garantit des produits de meilleure qualit\u00e9.<\/p><p><strong>Un projet d\u2019avenir : innover et se diversifier <\/strong><\/p><p>Aujourd\u2019hui, une nouvelle page s\u2019\u00e9crit pour la ferme. Avec Julien, qui travaille avec moi depuis plusieurs ann\u00e9es et qui va bient\u00f4t devenir mon associ\u00e9, nous avons un projet ambitieux : \u00e9lever des poules pondeuses et proposer leurs \u0153ufs en vente directe via des distributeurs automatiques.<\/p><p>L\u2019objectif ? Offrir des produits frais, locaux et accessibles facilement. Ce projet, qui nous motive \u00e9norm\u00e9ment, est une belle opportunit\u00e9 de diversification tout en restant fid\u00e8les \u00e0 nos valeurs : transparence, qualit\u00e9 et respect des animaux.<\/p><p><strong>Un message pour vous<\/strong><\/p><p>Si vous d\u00e9couvrez mon m\u00e9tier et ma ferme, j\u2019aimerais que vous sachiez une chose : ici, chaque choix est r\u00e9fl\u00e9chi, chaque d\u00e9cision est prise avec passion et engagement. Les animaux sont au c\u0153ur de mon travail, et je fais tout pour qu\u2019ils \u00e9voluent dans un environnement sain et \u00e9quilibr\u00e9.<\/p><p>L\u2019agriculture est un m\u00e9tier exigeant, mais aussi incroyablement gratifiant. Voir le fruit de son travail, \u00eatre au plus proche de la nature, partager cette passion avec d\u2019autres, c\u2019est ce qui me fait avancer chaque jour.<\/p><p>Aujourd\u2019hui, je ne suis plus seule dans cette aventure. Avec <strong><a href=\"https:\/\/lafermedelacoustere.com\/qui-sommes-nous\/julien-courtade\/\">Julien<\/a><\/strong>, nous formons une \u00e9quipe solide, pr\u00eate \u00e0 relever de nouveaux d\u00e9fis. Apr\u00e8s tout, ensemble on avance mieux et plus loin.<\/p>\t\t\t\t\t\t\t\t<\/div>\n\t\t\t\t<\/div>\n\t\t\t\t\t<\/div>\n\t\t<\/div>\n\t\t\t\t\t<\/div>\n\t\t<\/section>\n\t\t\t\t<\/div>\n\t\t","protected":false},"excerpt":{"rendered":"<p>Retour Val\u00e9rie Soucaze Je m\u2019appelle Val\u00e9rie, je suis agricultrice \u00e0 La Ferme de la Coust\u00e8re depuis trente-cinq ans. Une passion n\u00e9e d\u00e8s l\u2019enfance J\u2019ai grandi \u00e0 Pouzac, \u00e0 seulement cinq minutes de la ferme de mes grands-parents, mais c\u2019est l\u00e0-bas que je passais le plus clair de mon temps. Tr\u00e8s<\/p>\n","protected":false},"author":37,"featured_media":0,"parent":1953,"menu_order":0,"comment_status":"closed","ping_status":"closed","template":"page-templates\/template-pagebuilder-full-width.php","meta":{"footnotes":""},"class_list":["post-2512","page","type-page","status-publish","hentry"],"aioseo_notices":[],"_links":{"self":[{"href":"https:\/\/lafermedelacoustere.com\/nov-apijson\/wp\/v2\/pages\/2512","targetHints":{"allow":["GET"]}}],"collection":[{"href":"https:\/\/lafermedelacoustere.com\/nov-apijson\/wp\/v2\/pages"}],"about":[{"href":"https:\/\/lafermedelacoustere.com\/nov-apijson\/wp\/v2\/types\/page"}],"author":[{"embeddable":true,"href":"https:\/\/lafermedelacoustere.com\/nov-apijson\/wp\/v2\/users\/37"}],"replies":[{"embeddable":true,"href":"https:\/\/lafermedelacoustere.com\/nov-apijson\/wp\/v2\/comments?post=2512"}],"version-history":[{"count":38,"href":"https:\/\/lafermedelacoustere.com\/nov-apijson\/wp\/v2\/pages\/2512\/revisions"}],"predecessor-version":[{"id":3379,"href":"https:\/\/lafermedelacoustere.com\/nov-apijson\/wp\/v2\/pages\/2512\/revisions\/3379"}],"up":[{"embeddable":true,"href":"https:\/\/lafermedelacoustere.com\/nov-apijson\/wp\/v2\/pages\/1953"}],"wp:attachment":[{"href":"https:\/\/lafermedelacoustere.com\/nov-apijson\/wp\/v2\/media?parent=2512"}],"curies":[{"name":"wp","href":"https:\/\/api.w.org\/{rel}","templated":true}]}}